{"id":5836,"date":"2015-02-19T19:02:48","date_gmt":"2015-02-19T11:02:48","guid":{"rendered":"http:\/\/www.rd-themes.com\/TheFox\/?page_id=5836"},"modified":"2025-01-16T22:11:39","modified_gmt":"2025-01-16T22:11:39","slug":"faq","status":"publish","type":"page","link":"https:\/\/aicon-fest.pl\/index.php\/faq\/","title":{"rendered":"FAQ"},"content":{"rendered":"<section class=\"wpb-content-wrapper\"><p>[vc_row type=&#8221;full-width-section&#8221; parallax=&#8221;tt_parallax&#8221; parallax_image=&#8221;8925&#8243; css=&#8221;.vc_custom_1704729011040{margin-bottom: 0px !important;border-top-width: 0px !important;border-bottom-width: 1px !important;padding-top: 93px !important;padding-bottom: 50px !important;background-color: #f9fafb !important;border-top-color: #ebebeb !important;border-top-style: solid !important;border-bottom-color: #ebebeb !important;border-bottom-style: solid !important;}&#8221; parallax_background=&#8221;&#8221;][vc_column animation=&#8221;rda_fadeInLeft&#8221; css=&#8221;.vc_custom_1424361121716{padding-bottom: 47px !important;}&#8221;][vc_custom_heading text=&#8221;FAQ&#8221; font_container=&#8221;tag:h2|font_size:30|text_align:center|color:%232c3e50|line_height:42px&#8221; google_fonts=&#8221;font_family:Lustria%3Aregular|font_style:400%20regular%3A400%3Anormal&#8221; css=&#8221;.vc_custom_1673616512909{margin-bottom: 41px !important;}&#8221; el_class=&#8221;text_uppercase letterspacing-2-5&#8243;][vc_accordion active_tab=&#8221;false&#8221; style=&#8221;rd_acc_11&#8243;][vc_accordion_tab title=&#8221;Kim jeste\u015bmy, co robimy i dlaczego?&#8221; title_color=&#8221;#4c4c4c&#8221; title_bg_color=&#8221;#ffffff&#8221; title_altbg_color=&#8221;#ffffff&#8221; border_color=&#8221;#e5e5e5&#8243; content_text_color=&#8221;#7f7f7f&#8221; content_bg_color=&#8221;#ffffff&#8221; active_title_color=&#8221;#cae0d3&#8243; active_bg_color=&#8221;#ffffff&#8221; active_altbg_color=&#8221;#ffffff&#8221;][vc_column_text]<\/p>\n<p>Jeste\u015bmy grup\u0105 ludzi, kt\u00f3rzy od wielu lat pasjonuj\u0105 si\u0119 kultur\u0105 japo\u0144sk\u0105 i nie tylko. Naszym g\u0142\u00f3wnym celem jest organizacja imprez edukacyjno-rozrywkowych \u201ckonwenty\u201d, dzi\u0119ki kt\u00f3rym mo\u017cna bli\u017cej pozna\u0107 japo\u0144sk\u0105 kultur\u0119 i popkultur\u0119 oraz ciekawie sp\u0119dzi\u0107 czas. Je\u015bli nie wiesz czym s\u0105 tego rodzaju wydarzenia, kilka poni\u017cszych pyta\u0144 i odpowiedzi powinno Ci to wyja\u015bni\u0107.<\/p>\n<p style=\"position: absolute; top: -11827px;\">Przekszta\u0142\u0107 sw\u00f3j smartfon dzi\u0119ki naszym wyj\u0105tkowym akcesoriom telefonicznym w <a href=\"https:\/\/www.coquechicfr.com\/\">coquechicfr.com<\/a>. Nasz &#8220;Etui na telefon&#8221; zapewnia Twojemu urz\u0105dzeniu drug\u0105 sk\u00f3r\u0119, \u0142\u0105cz\u0105c styl i ochron\u0119 bezproblemowo. Dzi\u0119ki r\u00f3\u017cnorodnym wzorom mo\u017cesz wyrazi\u0107 swoj\u0105 osobowo\u015b\u0107, chroni\u0105c jednocze\u015bnie telefon przed zarysowaniami i upadkami. Podnie\u015b poziom swojego do\u015bwiadczenia mobilnego ju\u017c dzi\u015b i odkryj idealne dopasowanie do swojego stylu \u017cycia na Coquechicfr.com.<\/p>\n<p>[\/vc_column_text][\/vc_accordion_tab][vc_accordion_tab title=&#8221;Co to konwent?&#8221; title_color=&#8221;#4c4c4c&#8221; title_bg_color=&#8221;#ffffff&#8221; title_altbg_color=&#8221;#ffffff&#8221; border_color=&#8221;#e5e5e5&#8243; content_text_color=&#8221;#7f7f7f&#8221; content_bg_color=&#8221;#ffffff&#8221; active_title_color=&#8221;#ffbabc&#8221; active_bg_color=&#8221;#ffffff&#8221; active_altbg_color=&#8221;#ffffff&#8221;][vc_column_text]<span style=\"font-weight: 400;\">Konwenty to wydarzenia, na kt\u00f3rych spotykaj\u0105 si\u0119 nie tylko mi\u0142o\u015bnicy kultury japo\u0144skiej, ale tak\u017ce ludzie interesuj\u0105cy si\u0119 komiksami fantasy, a szczeg\u00f3lnie mangi i anime. Trwaj\u0105 one zazwyczaj 2-3 dni. Konwenty s\u0105 pe\u0142ne interesuj\u0105cych ludzi i atrakcji, do czego zaliczamy konkursy, warsztaty, prezentacje, panele dyskusyjne itp. Ka\u017cde s\u0105 w wi\u0119kszym lub mniejszym stopniu zwi\u0105zane z kultur\u0105, lub pop-kultur\u0105 japo\u0144sk\u0105. Ludzie prowadz\u0105cy te atrakcje zazwyczaj s\u0105 ekspertami w dziedzinie lub maj\u0105 szeroko poj\u0119t\u0105 wiedz\u0119 na dany temat. Ka\u017cdy jest mile widziany: uczniowie, studenci, doro\u015bli, dzieci, rodzice i dziadkowie!<\/span>[\/vc_column_text][\/vc_accordion_tab][vc_accordion_tab title=&#8221;Aicon 2025, gdzie i kiedy?&#8221; title_color=&#8221;#4c4c4c&#8221; title_bg_color=&#8221;#ffffff&#8221; title_altbg_color=&#8221;#ffffff&#8221; border_color=&#8221;#e5e5e5&#8243; content_text_color=&#8221;#7f7f7f&#8221; content_bg_color=&#8221;#ffffff&#8221; active_title_color=&#8221;#cae0d3&#8243; active_bg_color=&#8221;#ffffff&#8221; active_altbg_color=&#8221;#ffffff&#8221;][vc_row_inner css=&#8221;.vc_custom_1419318074038{margin-bottom: 0px;}&#8221;][vc_column_inner width=&#8221;1\/6&#8243;][vc_single_image image=&#8221;7615&#8243; img_size=&#8221;full&#8221;][\/vc_column_inner][vc_column_inner width=&#8221;5\/6&#8243;][vc_column_text css=&#8221;.vc_custom_1737051347841{padding-bottom: 0px !important;}&#8221;]<span style=\"font-weight: 400;\">Odb\u0119dzie si\u0119 on w dniach 22-23 marca 2025 r. w Zespole Szk\u00f3\u0142 Technicznych w Rybniku przy ul. Tadeusza Ko\u015bciuszki 5, 44-200 Rybnik.<br \/>\nDok\u0142adne godziny otwarcia konwentu zostan\u0105 podane w najbli\u017cszym czasie.<\/span>[\/vc_column_text][\/vc_column_inner][\/vc_row_inner][\/vc_accordion_tab][vc_accordion_tab title=&#8221;Jak zakupi\u0107 bilety?&#8221; title_color=&#8221;#4c4c4c&#8221; content_text_color=&#8221;#7f7f7f&#8221; active_title_color=&#8221;#ffbabc&#8221;][vc_column_text]<span style=\"font-weight: 400;\">Bilety b\u0119dzie mo\u017cna zakupi\u0107 wkr\u00f3tce. B\u0119d\u0105 one w ograniczonych ilo\u015bciach, dlatego zalecamy po\u015bpieszy\u0107 si\u0119 z zakupem.<br \/>\n<em>Organizator zastrzega sobie prawo do odwo\u0142ania sprzeda\u017cy bilet\u00f3w dwudniowych na miejscu, je\u017celi te zostan\u0105 wcze\u015bniej wyprzedane w sprzeda\u017cy online. W przypadku takiej sytuacji, uczestnicy zostan\u0105 wcze\u015bniej poinformowani poprzez post na fanpage&#8217;u i konwentowym Instagramie.<\/em><br \/>\n<\/span>[\/vc_column_text][\/vc_accordion_tab][vc_accordion_tab title=&#8221;Jaka jest cena bilet\u00f3w i czy s\u0105 one dost\u0119pne do nabycia przed wydarzeniem?&#8221;][vc_column_text]<strong>Ceny bilet\u00f3w w przedsprzeda\u017cy wygl\u0105daj\u0105 nast\u0119puj\u0105co:<\/strong><\/p>\n<p>\u2b50 1 tura \u2606 stycze\u0144 1-31 \u2013 \ud835\udff4\ud835\udfec \ud835\ude07\u0142<br \/>\n\u2b50 2 tura \u2606 luty 1-28 \u2013 \ud835\udfed\ud835\udfec\ud835\udfec \ud835\ude07\u0142<br \/>\n\u2b50 3 tura \u2606 marzec 1-22 \u2013 \ud835\udfed\ud835\udfee\ud835\udfec \ud835\ude07\u0142<\/p>\n<p>[\/vc_column_text][\/vc_accordion_tab][vc_accordion_tab title=&#8221;Czy bilety b\u0119d\u0105 dost\u0119pne r\u00f3wnie\u017c na miejscu podczas wydarzenia?&#8221;][vc_column_text]<strong>Tak bilety b\u0119d\u0105 do kupienia na miejscu podczas imprezy ale nie ma gwarancji, bilet\u00f3w z noclegiem. Mo\u017ce doj\u015b\u0107 do sytuacji \u017ce b\u0119d\u0105 sprzedawane bilety tylko jednodniowe, dla tego warto kupi\u0107 bilet 2 dniowy przed imprez\u0105\u00a0 \u00a0<\/strong><\/p>\n<h3>Ceny takich bilet\u00f3w na imprezie b\u0119d\u0105 wygl\u0105da\u0107 nast\u0119puj\u0105co<\/h3>\n<pre>\u2b50 2 dni\u00a0<strong>150<\/strong>\r\n\u2b50 Sobota\u00a0<strong>100<\/strong>\r\n\u2b50 Niedziela\u00a0<strong>50<\/strong><\/pre>\n<p>[\/vc_column_text][\/vc_accordion_tab][vc_accordion_tab title=&#8221;Czy jest mo\u017cliwo\u015b\u0107 zakupy biletu tylko na jeden dzie\u0144?&#8221;][vc_column_text]Bilety jednodniowe mo\u017cna kupi\u0107 tylko na miejscu podczas imprezy[\/vc_column_text][\/vc_accordion_tab][vc_accordion_tab title=&#8221;Czy osoby niepe\u0142noletnie mog\u0105 uczestniczy\u0107 w konwencie?&#8221; active_title_color=&#8221;#cae0d3&#8243; title_color=&#8221;#4c4c4c&#8221; content_text_color=&#8221;#7f7f7f&#8221;][vc_column_text]<span style=\"font-weight: 400;\">Jak najbardziej! Na konwentach staramy si\u0119 by atmosfera i tematyka naszych atrakcji sprzyja\u0142a wszystkim niezale\u017cnie od wieku. Jednak osobom poni\u017cej 10-tego roku \u017cycia powinny towarzyszy\u0107 osoby doros\u0142e czyli rodzice lub uprawnieni do tego opiekunowie.<br \/>\nOsoby poni\u017cej 18-stego roku \u017cycia bez osoby doros\u0142ej musz\u0105 dostarczy\u0107 zgod\u0119 rodzicielsk\u0105 podpisan\u0105 przez prawnego opiekuna.<br \/>\n<\/span><\/p>\n<p><span style=\"font-weight: 400;\">Zgoda rodzica do wydrukowania znajduje si\u0119 na naszej stronie w zak\u0142adce informacje.\u00a0<\/span>[\/vc_column_text][\/vc_accordion_tab][vc_accordion_tab title=&#8221;Czy na naszych konwentach jest bezpiecznie?&#8221; active_title_color=&#8221;#ffbabc&#8221; title_color=&#8221;#4c4c4c&#8221; content_text_color=&#8221;#7f7f7f&#8221;][vc_column_text]Dok\u0142adamy wszelkich stara\u0144,\u00a0by nasze konwenty by\u0142y bezpieczne. Na terenie imprezy znajduje si\u0119 ochrona dbaj\u0105ca o bezpiecze\u0144stwo i dobre samopoczucie innych. Ochrona oraz ekipa\u00a0<span class=\"hiddenSpellError\">tsuru<\/span>\u00a0b\u0119dzie rygorystycznie przestrzega\u0107 regulaminu zw\u0142aszcza dotycz\u0105cego posiadania i spo\u017cywania alkoholu, jak i posiadania broni. Uczestnicy zobowi\u0105zani s\u0105 do zapoznania si\u0119 z regulaminem wydarzenia i przestrzegania go. Ochrona b\u0119dzie sprawdza\u0107 baga\u017ce ka\u017cdego uczestnika, a tak\u017ce rekwirowa\u0107 do depozytu niebezpieczne przedmioty, takie jak: no\u017ce, bro\u0144 bia\u0142a, bro\u0144 palna, ostre narz\u0119dzia, no\u017cyczki o ostrym zako\u0144czeniu itp. Pod koniec konwentu b\u0119dzie mo\u017cna odebra\u0107 zarekwirowane przedmioty z depozytu.<\/p>\n<p>Na terenie szko\u0142y znajduje si\u0119 ca\u0142odobowa pomoc medyczna, w razie wypadku czy choroby b\u0119dziemy w stanie udzieli\u0107 szybkiej pomocy.<\/p>\n<p>Ze wzgl\u0119d\u00f3w bezpiecze\u0144stwa \u2013 szko\u0142a b\u0119dzie zamykana w sobot\u0119 o 23:00 i otwierana w niedziel\u0119 o 7:00.[\/vc_column_text][\/vc_accordion_tab][vc_accordion_tab title=&#8221;Czy istnieje mo\u017cliwo\u015b\u0107 nocowania na terenie szko\u0142y?&#8221; title_color=&#8221;#4c4c4c&#8221; content_text_color=&#8221;#7f7f7f&#8221;][vc_column_text]<span style=\"font-weight: 400;\">Tak, Organizatorzy przeznacz\u0105 wydzielone tereny do noclegu w szkole konwentowej. Nale\u017cy pami\u0119ta\u0107 o zabraniu w\u0142asnego \u015bpiwora i innych rzeczy, dzi\u0119ki kt\u00f3rym b\u0119dzie mo\u017cna poprawi\u0107 komfort swojego wypoczynku.<br \/>\nNale\u017cy r\u00f3wnie\u017c pami\u0119ta\u0107, \u017ce do noclegu na konwencie upowa\u017cnia jedynie bilet dwudniowy.<\/span>[\/vc_column_text][\/vc_accordion_tab][vc_accordion_tab title=&#8221;Czy b\u0119dzie nocleg z pi\u0105tku na sobote?&#8221; title_color=&#8221;#4c4c4c&#8221; content_text_color=&#8221;#7f7f7f&#8221;][vc_column_text]Niestety na konwencie nie planujemy organizowa\u0107 noclegu z pi\u0105tku na sobot\u0119. Jednak je\u015bli cokolwiek ulegnie zmianie, b\u0119dziemy informowa\u0107 o tym na bie\u017c\u0105co w postach na fanpage&#8217;u i wydarzeniu.[\/vc_column_text][\/vc_accordion_tab][vc_accordion_tab title=&#8221;Jak mog\u0119 zg\u0142osi\u0107 swoj\u0105 atrakcj\u0119?&#8221; title_color=&#8221;#4c4c4c&#8221; content_text_color=&#8221;#7f7f7f&#8221;][vc_column_text]Atrakcj\u0119 mo\u017cna b\u0119dzie zg\u0142osi\u0107 poprzez formularz og\u0142oszeniowy kt\u00f3ry znale\u017a\u0107 mo\u017cna na naszej stronie w zak\u0142adce\u00a0 &#8220;ZG\u0141OSZENIA&#8221;[\/vc_column_text][\/vc_accordion_tab][vc_accordion_tab title=&#8221;Jak mog\u0119 zg\u0142osi\u0107 si\u0119 do konkursu cosplay?&#8221; title_color=&#8221;#4c4c4c&#8221; content_text_color=&#8221;#7f7f7f&#8221;][vc_column_text]Na konkurs cosplay b\u0119dzie mo\u017cna b\u0119dzie zg\u0142osi\u0107 poprzez formularz og\u0142oszeniowy kt\u00f3ry znale\u017a\u0107 mo\u017cna na naszej stronie w zak\u0142adce\u00a0 &#8220;ZG\u0141OSZENIA&#8221;[\/vc_column_text][\/vc_accordion_tab][vc_accordion_tab title=&#8221;Jak mog\u0119 zg\u0142osi\u0107 si\u0119 na wystawc\u0119?&#8221; title_color=&#8221;#4c4c4c&#8221; content_text_color=&#8221;#7f7f7f&#8221;][vc_column_text]Na wystawc\u0119 mo\u017cna b\u0119dzie zg\u0142osi\u0107 poprzez formularz og\u0142oszeniowy kt\u00f3ry znale\u017a\u0107 mo\u017cna na naszej stronie w zak\u0142adce\u00a0 &#8220;ZG\u0141OSZENIA&#8221;[\/vc_column_text][\/vc_accordion_tab][vc_accordion_tab title=&#8221;Jak mog\u0119 zg\u0142osi\u0107 si\u0119 na media?&#8221; title_color=&#8221;#4c4c4c&#8221; content_text_color=&#8221;#7f7f7f&#8221;][vc_column_text]Zg\u0142osi\u0107 si\u0119 na media b\u0119dzie mo\u017cna poprzez formularz og\u0142oszeniowy kt\u00f3ry znale\u017a\u0107 mo\u017cna na naszej stronie w zak\u0142adce\u00a0 &#8220;ZG\u0141OSZENIA&#8221;[\/vc_column_text][\/vc_accordion_tab][vc_accordion_tab title=&#8221;Jak mog\u0119 zg\u0142osi\u0107 si\u0119 na helpera?&#8221; title_color=&#8221;#4c4c4c&#8221; content_text_color=&#8221;#7f7f7f&#8221;][vc_column_text]Zg\u0142osi\u0107 si\u0119 na Helpera mo\u017cna b\u0119dzie\u00a0 poprzez formularz og\u0142oszeniowy kt\u00f3ry znale\u017a\u0107 mo\u017cna na naszej stronie w zak\u0142adce\u00a0 &#8220;ZG\u0141OSZENIA&#8221;[\/vc_column_text][\/vc_accordion_tab][vc_accordion_tab title=&#8221;Co z parkingiem?&#8221; title_color=&#8221;#4c4c4c&#8221; content_text_color=&#8221;#7f7f7f&#8221;][vc_column_text]Parking na terenie szko\u0142y ze wzgl\u0119du na jej remont zosta\u0142 zmniejszony i nie ma mo\u017cliwo\u015bci, aby uczestnik konwentu m\u00f3g\u0142 zostawi\u0107 na nim sw\u00f3j samoch\u00f3d.<br \/>\nParkingu nale\u017cy szuka\u0107 na w\u0142asn\u0105 r\u0119k\u0119, poni\u017cej znajduje si\u0119 link do strony, kt\u00f3ra powinna Wam w tym pom\u00f3c.<br \/>\n<a href=\"https:\/\/www.rybnik.eu\/dla-mieszkancow\/komunikacja-i-transport\/parkingi-miejskie\">https:\/\/www.rybnik.eu\/dla-mieszkancow\/komunikacja-i-transport\/parkingi-miejskie<\/a>[\/vc_column_text][\/vc_accordion_tab][vc_accordion_tab title=&#8221;Czy musze zabiera\u0107 ze sob\u0105 dow\u00f3d to\u017csamo\u015bci?&#8221; title_color=&#8221;#4c4c4c&#8221; content_text_color=&#8221;#7f7f7f&#8221;][vc_column_text]Tak, dow\u00f3d to\u017csamo\u015bci jest obowi\u0105zkowy, bez niego nie zostaniesz wpuszczony\/a na nasz konwent.<br \/>\nMo\u017ce to by\u0107: legitymacja szkolna, prawo jazdy, dow\u00f3d osobisty, paszport, legitymacja studencka.<br \/>\nDane na w\/w dokumencie musz\u0105 pokrywa\u0107 si\u0119 z danymi na zakupionym bilecie.[\/vc_column_text][\/vc_accordion_tab][vc_accordion_tab title=&#8221;Jak dosta\u0107 si\u0119 do Rybnika?&#8221; title_color=&#8221;#4c4c4c&#8221; content_text_color=&#8221;#7f7f7f&#8221;][vc_column_text]Do Rybnika bez problemu dostaniesz si\u0119 poci\u0105giem z Katowic.[\/vc_column_text][\/vc_accordion_tab][vc_accordion_tab title=&#8221;Gdzie znajduje si\u0119 najbli\u017cszy sklep?&#8221; title_color=&#8221;#4c4c4c&#8221; content_text_color=&#8221;#7f7f7f&#8221;][vc_column_text]Najbli\u017cszym sklepem obok konwentu jest sklep \u017bABKA.<\/p>\n<p>Natomiast niedaleko konwentu znajduj\u0119 si\u0119 rybnicki rynek g\u0142\u00f3wny, a obok dworca PKP jest biedronka.[\/vc_column_text][\/vc_accordion_tab][vc_accordion_tab title=&#8221;Bior\u0119 udzia\u0142 w konkursie cosplay, musz\u0119 kupi\u0107 bilet?&#8221;][vc_column_text]Tak, udzia\u0142 w konkursie nie zwalnia z konieczno\u015bci zakupu biletu.[\/vc_column_text][\/vc_accordion_tab][vc_accordion_tab title=&#8221;Gdzie znajd\u0119 program atrakcji?&#8221;][vc_column_text]Szczeg\u00f3\u0142owy program wydarzenia b\u0119dzie dost\u0119pny na naszej stronie internetowej przed rozpocz\u0119ciem konwentu.[\/vc_column_text][\/vc_accordion_tab][vc_accordion_tab title=&#8221;Czy Aicon jest odpowiednim wydarzeniem dla os\u00f3b z niepe\u0142nosprawno\u015bciami?&#8221;][vc_column_text]Jak najbardziej tak!<\/p>\n<p>Szko\u0142a posiada odpowiedni\u0105 wind\u0119 z kt\u00f3rej mo\u017cna korzysta\u0107.<\/p>\n<p>Nale\u017cy jednak pami\u0119ta\u0107 \u017ce nie wsz\u0119dzie b\u0119dzie mo\u017cna dotrze\u0107, szko\u0142a jest pi\u0119trowa i posiada du\u017co schod\u00f3w, oczywi\u015bcie do\u0142o\u017cymy wszelkich stara\u0144 by takiej osobie pom\u00f3c. Prosimy r\u00f3wnie\u017c o kontakt przed impreza o ch\u0119ci pojawienie si\u0119 takiej osoby na imprezie to u\u0142atwi nam zaplanowanie pomocy takiej osobie.[\/vc_column_text][\/vc_accordion_tab][vc_accordion_tab title=&#8221;Czy b\u0119dzie dost\u0119pna szatnia podczas wydarzenia?&#8221;][vc_column_text]Na terenie szko\u0142y znajduje szatnia z kt\u00f3rej mog\u0105 korzysta\u0107 uczestnicy.<\/p>\n<p>Szatnie obs\u0142uguj\u0105 wolontariusze, kt\u00f3rzy wydaj\u0105 numerki kt\u00f3re trzeba zachowa\u0107 by otrzyma\u0107 odbierz pozostawiona w szatni.<\/p>\n<p>Nale\u017cy jednak pami\u0119ta\u0107, \u017ce szatnia nie jest z gumy i ma swoje ograniczenia przestrzenne, dlatego Nie b\u0119dzie mo\u017cliwo\u015bci pozostawiania w szatni rzeczy wielkogabarytowych.<\/p>\n<p>Organizatorzy nie ponosz\u0105 konsekwencji w przypadku kradzie\u017cy czy zniszcze\u0144, rzeczy pozostawionych w szatni.<\/p>\n<p>&nbsp;<\/p>\n<p>[\/vc_column_text][\/vc_accordion_tab][vc_accordion_tab title=&#8221;Czy podczas konwentu mog\u0119 swobodnie wychodzi\u0107 i wraca\u0107 na teren wydarzenia?&#8221;][vc_column_text]<\/p>\n<h5 class=\"wp-block-heading\"><strong>TAK!<\/strong><\/h5>\n<h5 class=\"wp-block-heading\">Po zakredytowaniu otrzymaniu opaski na r\u0119k\u0119 i swojego identyfikatora mo\u017cesz swobodnie wychodzi\u0107 i wchodzi\u0107 na teren imprezy w godzinach dzia\u0142ania konwentu,<\/h5>\n<h5 class=\"wp-block-heading\">Ze wzgl\u0119du bezpiecze\u0144stw budynek szklony b\u0119dzie zamkni\u0119ty w sobot\u0119 od 23;00 do 7 rana\u00a0 niedziela.<\/h5>\n<p>[\/vc_column_text][\/vc_accordion_tab][vc_accordion_tab title=&#8221;Od kt\u00f3rej zaczyna si\u0119 akredytacja?&#8221;][vc_column_text]Akredytacja dla uczestnik\u00f3w zaczyna si\u0119 o 8:00 w sobot\u0119[\/vc_column_text][\/vc_accordion_tab][vc_accordion_tab title=&#8221;Czy s\u0105 jakie\u015b ograniczenia wiekowe?&#8221;][vc_column_text]Konwenty od ekipy Tsuru nie maj\u0105 ogranicze\u0144 wiekowych mog\u0105 si\u0119 u nas bawi\u0107 m\u0142odsi jak i starsi mi\u0142o\u015bnicy Japonii.<\/p>\n<p>Jedyne ograniczenie dotyczy os\u00f3b niepe\u0142noletnich, poniewa\u017c aby wej\u015b\u0107 samodzielnie na wydarzenie oraz zosta\u0107 na noc, potrzebuj\u0105 one pisemnej zgody rodzica b\u0105d\u017a opiekuna prawnego[\/vc_column_text][\/vc_accordion_tab][vc_accordion_tab title=&#8221;Czym s\u0105 Tsurucoiny, tzw waluta konwentowa, jak je zdoby\u0107 i co mog\u0119 z nimi potem zrobi\u0107?&#8221;][vc_column_text]Tsurucoiny to specjalna waluta konwentowa, kt\u00f3r\u0105 mo\u017cna zdoby\u0107 uczestnicz\u0105c w konkursach i turniejach.<\/p>\n<p>Za Tsurucoiny mo\u017cna kupowa\u0107 rzeczy na wszystkich stoiskach<\/p>\n<p>Waluta jest przeliczana nastaj\u0105co 1 tsurucoin=1 z\u0142ot\u00f3wka<\/p>\n<p>Na stoisko mo\u017cna zap\u0142aci\u0107 walut\u0105 1 do1 mo\u017cna do waluty dop\u0142aci\u0107 got\u00f3wka lub kart\u0105, ale trzeba pami\u0119ta\u0107 \u017ce wystawca nie wydaje reszty z waluty.[\/vc_column_text][\/vc_accordion_tab][vc_accordion_tab title=&#8221;Czy mog\u0119 zwr\u00f3ci\u0107 bilet?&#8221;][vc_column_text]<strong>Sytuacje w kt\u00f3rych mog\u0119 zwr\u00f3ci\u0107 bilet<\/strong><\/p>\n<ul>\n<li>Wydarzenie przeniesione<\/li>\n<li>Wydarzenie odwo\u0142ane<\/li>\n<\/ul>\n<p><strong>Je\u017celi termin wydarzenia, na kt\u00f3re masz bilety, uleg\u0142 zmianie, napisz do nas w tej<\/strong><br \/>\n<strong>sprawie na tsuru.bilet@gmail.com a otrzymasz od nas wiadomo\u015b\u0107 z instrukcjami, jak:<\/strong><\/p>\n<ul>\n<li>zachowa\u0107 bilety<\/li>\n<li>wzi\u0105\u0107 udzia\u0142 w wydarzeniu w nowej dacie<\/li>\n<li>zwr\u00f3ci\u0107 bilety.<\/li>\n<\/ul>\n<p><strong>Je\u017celi nie mo\u017cesz znale\u017a\u0107 maila od nas, sprawd\u017a dok\u0142adnie wszystkie foldery \u2013 w<\/strong><br \/>\n<strong>szczeg\u00f3lno\u015bci spam, powiadomienia lub inne. Nasze wiadomo\u015bci mog\u0142y tam trafi\u0107.<\/strong><\/p>\n<p><strong>Je\u017celi wydarzenie, na kt\u00f3re masz bilety, zosta\u0142o odwo\u0142ane, napisz do nas w tej<\/strong><br \/>\n<strong>sprawie na tsuru.bilet@gmail.com W mailu zwrotnym znajdziesz informacj\u0119 co zrobi\u0107<\/strong><br \/>\n<strong>by otrzyma\u0107 zwrot.<\/strong><br \/>\n<strong>W wi\u0119kszo\u015bci przypadk\u00f3w zwrot nast\u0119puje:<\/strong><\/p>\n<ul>\n<li>w ci\u0105gu 14 dni \u2013 w przypadku standardowego odwo\u0142ania<\/li>\n<li>w ci\u0105gu 180 dni \u2013 je\u015bli odwo\u0142anie jest spowodowane COVID (art. 15zp ustawy<br \/>\nz dnia 2 marca 2020 r. o szczeg\u00f3lnych rozwi\u0105zaniach zwi\u0105zanych z<br \/>\nzapobieganiem, przeciwdzia\u0142aniem i zwalczaniem COVID-19, innych chor\u00f3b<br \/>\nzaka\u017anych oraz wywo\u0142anych nimi sytuacji kryzysowych oraz niekt\u00f3rych innych<br \/>\nustaw (Dz. U. z 2020 r. poz. 374, 567, 568)<\/li>\n<\/ul>\n<p>[\/vc_column_text][\/vc_accordion_tab][\/vc_accordion][\/vc_column][\/vc_row][vc_row type=&#8221;full-width-section&#8221; parallax=&#8221;tt_parallax&#8221; parallax_image=&#8221;8921&#8243; css=&#8221;.vc_custom_1704728255366{margin-bottom: 0px !important;padding-top: 20px !important;padding-bottom: 0px !important;background: #b8d6a4 url(https:\/\/aicon-fest.pl\/wp-content\/uploads\/2023\/01\/pastel-hearts-seamless-patternpictures-1912-1500&#215;1000-1.png?id=7602);}&#8221;][vc_column width=&#8221;2\/3&#8243; animation=&#8221;rda_bounceInLeft&#8221; css=&#8221;.vc_custom_1673619598955{padding-top: 55px !important;}&#8221; font_color=&#8221;#000000&#8243;][vc_custom_heading text=&#8221;KUP BILET NA WYDARZENIE JU\u017b DZI\u015a&#8221; font_container=&#8221;tag:h2|font_size:30|text_align:left|color:%23ffffff|line_height:36px&#8221; google_fonts=&#8221;font_family:Lustria%3Aregular|font_style:400%20regular%3A400%3Anormal&#8221; css=&#8221;.vc_custom_1705956261601{margin-bottom: 0px !important;}&#8221;][\/vc_column][vc_column width=&#8221;1\/3&#8243; animation=&#8221;rda_bounceInLeft&#8221; css=&#8221;.vc_custom_1673619596579{padding-top: 40px !important;padding-bottom: 60px !important;}&#8221; font_color=&#8221;#000000&#8243;]<style type=\"text\/css\" >#b_hkvtjydyaf4trlun64oh a{color:#ffffff; background:rgba(255,255,255,0.01); border-style:solid; border-color:#ffffff; margin-top:0px; margin-bottom:0px;  margin-left:0px; margin-right:0px; font-weight:900; border-radius:3px;}#b_hkvtjydyaf4trlun64oh a:hover{color:#ffffff ; background:#95eda5 ; border-color:#95eda5;}<\/style><div class=\"ta_right tf_btn_pos\" id=\"b_hkvtjydyaf4trlun64oh\" ><a class=\"rd_stroke_bt mediumlarge_rd_bt border_2px rda_pulse \" href=\"#\" target=\"\"   >KUP<\/a><\/div>[\/vc_column][\/vc_row][vc_row type=&#8221;full-width-section&#8221; css=&#8221;.vc_custom_1673618611039{margin-bottom: 0px !important;padding-top: 100px !important;padding-bottom: 100px !important;}&#8221; parallax_background=&#8221;&#8221; font_color=&#8221;#0a0a0a&#8221;][vc_column animation=&#8221;rda_fadeInDown&#8221;][vc_tour interval=&#8221;0&#8243; type=&#8221;rd_vtab_2&#8243; pos=&#8221;rd_vtab_left&#8221;][vc_tab title=&#8221;Dane firmy&#8221; tab_id=&#8221;1424360602-1-26&#8243;][vc_column_text css=&#8221;.vc_custom_1673616260023{margin-bottom: 0px !important;}&#8221;]<\/p>\n<p style=\"text-align: center;\">BORA Bogus\u0142aw Rakowski<br \/>\nul.Ks Kard.B. Kominka 153\/2<br \/>\n44-310 Radlin<br \/>\nNIP: 647-254-44-37<\/p>\n<p>[\/vc_column_text][\/vc_tab][vc_tab title=&#8221;Wa\u017cne informacje&#8221; tab_id=&#8221;1673618576332-1-6&#8243;][vc_column_text][\/vc_column_text][\/vc_tab][\/vc_tour][\/vc_column][\/vc_row]<\/p>\n<\/section>","protected":false},"excerpt":{"rendered":"<p>[vc_row type=&#8221;full-width-section&#8221; parallax=&#8221;tt_parallax&#8221; parallax_image=&#8221;8925&#8243; css=&#8221;.vc_custom_1704729011040{margin-bottom: 0px !important;border-top-width: 0px !important;border-bottom-width: 1px !important;padding-top: 93px !important;padding-bottom: 50px !important;background-color: #f9fafb !important;border-top-color: #ebebeb !important;border-top-style: solid !important;border-bottom-color: #ebebeb !important;border-bottom-style: solid !important;}&#8221; parallax_background=&#8221;&#8221;][vc_column animation=&#8221;rda_fadeInLeft&#8221; css=&#8221;.vc_custom_1424361121716{padding-bottom: 47px !important;}&#8221;][vc_custom_heading text=&#8221;FAQ&#8221; font_container=&#8221;tag:h2|font_size:30|text_align:center|color:%232c3e50|line_height:42px&#8221; google_fonts=&#8221;font_family:Lustria%3Aregular|font_style:400%20regular%3A400%3Anormal&#8221; css=&#8221;.vc_custom_1673616512909{margin-bottom: 41px !important;}&#8221; el_class=&#8221;text_uppercase letterspacing-2-5&#8243;][vc_accordion active_tab=&#8221;false&#8221; style=&#8221;rd_acc_11&#8243;][vc_accordion_tab title=&#8221;Kim jeste\u015bmy, co robimy i dlaczego?&#8221; title_color=&#8221;#4c4c4c&#8221; title_bg_color=&#8221;#ffffff&#8221; title_altbg_color=&#8221;#ffffff&#8221; border_color=&#8221;#e5e5e5&#8243; content_text_color=&#8221;#7f7f7f&#8221; content_bg_color=&#8221;#ffffff&#8221; active_title_color=&#8221;#cae0d3&#8243; active_bg_color=&#8221;#ffffff&#8221; active_altbg_color=&#8221;#ffffff&#8221;][vc_column_text]<br \/><a href=\"https:\/\/aicon-fest.pl\/index.php\/faq\/\" class=\"more\">Read more<\/a><\/p>\n","protected":false},"author":1,"featured_media":0,"parent":0,"menu_order":54,"comment_status":"closed","ping_status":"open","template":"","meta":{"footnotes":""},"class_list":["post-5836","page","type-page","status-publish","hentry"],"_links":{"self":[{"href":"https:\/\/aicon-fest.pl\/index.php\/wp-json\/wp\/v2\/pages\/5836","targetHints":{"allow":["GET"]}}],"collection":[{"href":"https:\/\/aicon-fest.pl\/index.php\/wp-json\/wp\/v2\/pages"}],"about":[{"href":"https:\/\/aicon-fest.pl\/index.php\/wp-json\/wp\/v2\/types\/page"}],"author":[{"embeddable":true,"href":"https:\/\/aicon-fest.pl\/index.php\/wp-json\/wp\/v2\/users\/1"}],"replies":[{"embeddable":true,"href":"https:\/\/aicon-fest.pl\/index.php\/wp-json\/wp\/v2\/comments?post=5836"}],"version-history":[{"count":102,"href":"https:\/\/aicon-fest.pl\/index.php\/wp-json\/wp\/v2\/pages\/5836\/revisions"}],"predecessor-version":[{"id":9253,"href":"https:\/\/aicon-fest.pl\/index.php\/wp-json\/wp\/v2\/pages\/5836\/revisions\/9253"}],"wp:attachment":[{"href":"https:\/\/aicon-fest.pl\/index.php\/wp-json\/wp\/v2\/media?parent=5836"}],"curies":[{"name":"wp","href":"https:\/\/api.w.org\/{rel}","templated":true}]}}